{"id":3697,"date":"2023-02-20T22:10:50","date_gmt":"2023-02-20T22:10:50","guid":{"rendered":"https:\/\/salonlfclaval.com\/?page_id=3697"},"modified":"2026-01-12T18:09:54","modified_gmt":"2026-01-12T18:09:54","slug":"avis-de-deces","status":"publish","type":"page","link":"https:\/\/salonlfcmontreal.com\/en\/avis-de-deces\/","title":{"rendered":"Obituary"},"content":{"rendered":"<div data-elementor-type=\"wp-page\" data-elementor-id=\"3697\" class=\"elementor elementor-3697\" data-elementor-post-type=\"page\">\n\t\t\t\t\t\t<section class=\"elementor-section elementor-top-section elementor-element elementor-element-45df365 elementor-section-height-min-height elementor-section-boxed elementor-section-height-default elementor-section-items-middle\" data-id=\"45df365\" data-element_type=\"section\" data-e-type=\"section\">\n\t\t\t\t\t\t\t<div class=\"elementor-background-overlay\"><\/div>\n\t\t\t\t\t\t\t<div class=\"elementor-container elementor-column-gap-default\">\n\t\t\t\t\t<div class=\"elementor-column elementor-col-100 elementor-top-column elementor-element elementor-element-d97708d\" data-id=\"d97708d\" data-element_type=\"column\" data-e-type=\"column\">\n\t\t\t<div class=\"elementor-widget-wrap elementor-element-populated\">\n\t\t\t\t\t\t<div class=\"elementor-element elementor-element-f51ed0d elementor-widget elementor-widget-heading\" data-id=\"f51ed0d\" data-element_type=\"widget\" data-e-type=\"widget\" data-widget_type=\"heading.default\">\n\t\t\t\t<div class=\"elementor-widget-container\">\n\t\t\t\t\t<h1 class=\"elementor-heading-title elementor-size-default\">Obituaries and condolences<\/h1>\t\t\t\t<\/div>\n\t\t\t\t<\/div>\n\t\t\t\t\t<\/div>\n\t\t<\/div>\n\t\t\t\t\t<\/div>\n\t\t<\/section>\n\t\t\t\t<section class=\"elementor-section elementor-top-section elementor-element elementor-element-361bcd9 elementor-section-stretched elementor-section-boxed elementor-section-height-default elementor-section-height-default\" data-id=\"361bcd9\" data-element_type=\"section\" data-e-type=\"section\" data-settings=\"{&quot;stretch_section&quot;:&quot;section-stretched&quot;}\">\n\t\t\t\t\t\t<div class=\"elementor-container elementor-column-gap-default\">\n\t\t\t\t\t<div class=\"elementor-column elementor-col-100 elementor-top-column elementor-element elementor-element-a18a493\" data-id=\"a18a493\" data-element_type=\"column\" data-e-type=\"column\">\n\t\t\t<div class=\"elementor-widget-wrap elementor-element-populated\">\n\t\t\t\t\t\t<div class=\"elementor-element elementor-element-a257ac6 elementor-widget elementor-widget-heading\" data-id=\"a257ac6\" data-element_type=\"widget\" data-e-type=\"widget\" data-widget_type=\"heading.default\">\n\t\t\t\t<div class=\"elementor-widget-container\">\n\t\t\t\t\t<h2 class=\"elementor-heading-title elementor-size-default\">Find an obituary<\/h2>\t\t\t\t<\/div>\n\t\t\t\t<\/div>\n\t\t\t\t<div class=\"elementor-element elementor-element-ef1cc8f elementor-widget elementor-widget-text-editor\" data-id=\"ef1cc8f\" data-element_type=\"widget\" data-e-type=\"widget\" data-widget_type=\"text-editor.default\">\n\t\t\t\t<div class=\"elementor-widget-container\">\n\t\t\t\t\t\t\t\t\t<p>Enter the person's name in the search bar.<\/p>\t\t\t\t\t\t\t\t<\/div>\n\t\t\t\t<\/div>\n\t\t\t\t<div class=\"elementor-element elementor-element-b4d14d6 elementor-widget elementor-widget-shortcode\" data-id=\"b4d14d6\" data-element_type=\"widget\" data-e-type=\"widget\" data-widget_type=\"shortcode.default\">\n\t\t\t\t<div class=\"elementor-widget-container\">\n\t\t\t\t\t\t\t<div class=\"elementor-shortcode\"><form  class=\"is-search-form is-form-style is-form-style-3 is-form-id-4610\" action=\"https:\/\/salonlfcmontreal.com\/en\/\" method=\"get\" role=\"search\" data-trp-original-action=\"https:\/\/salonlfcmontreal.com\/en\/\" ><label for=\"is-search-input-4610\"><span class=\"is-screen-reader-text\">Search for:<\/span><input  type=\"search\" id=\"is-search-input-4610\" name=\"s\" value=\"\" class=\"is-search-input\" placeholder=\"Enter full name\" autocomplete=\"off\" \/><\/label><button type=\"submit\" class=\"is-search-submit\"><span class=\"is-screen-reader-text\">Search Button<\/span><span class=\"is-search-icon\"><svg focusable=\"false\" aria-label=\"Search\" xmlns=\"http:\/\/www.w3.org\/2000\/svg\" viewbox=\"0 0 24 24\" width=\"24px\"><path d=\"M15.5 14h-.79l-.28-.27C15.41 12.59 16 11.11 16 9.5 16 5.91 13.09 3 9.5 3S3 5.91 3 9.5 5.91 16 9.5 16c1.61 0 3.09-.59 4.23-1.57l.27.28v.79l5 4.99L20.49 19l-4.99-5zm-6 0C7.01 14 5 11.99 5 9.5S7.01 5 9.5 5 14 7.01 14 9.5 11.99 14 9.5 14z\"><\/path><\/svg><\/span><\/button><input type=\"hidden\" name=\"id\" value=\"4610\" \/><input type=\"hidden\" name=\"trp-form-language\" value=\"en\"\/><\/form><\/div>\n\t\t\t\t\t\t<\/div>\n\t\t\t\t<\/div>\n\t\t\t\t\t<\/div>\n\t\t<\/div>\n\t\t\t\t\t<\/div>\n\t\t<\/section>\n\t\t\t\t<section class=\"elementor-section elementor-top-section elementor-element elementor-element-db56fbd elementor-section-boxed elementor-section-height-default elementor-section-height-default\" data-id=\"db56fbd\" data-element_type=\"section\" data-e-type=\"section\">\n\t\t\t\t\t\t<div class=\"elementor-container elementor-column-gap-default\">\n\t\t\t\t\t<div class=\"elementor-column elementor-col-100 elementor-top-column elementor-element elementor-element-d493dbb\" data-id=\"d493dbb\" data-element_type=\"column\" data-e-type=\"column\">\n\t\t\t<div class=\"elementor-widget-wrap elementor-element-populated\">\n\t\t\t\t\t\t<div class=\"elementor-element elementor-element-46fee69 elementor-grid-4 elementor-grid-tablet-2 elementor-grid-mobile-1 elementor-posts--thumbnail-top elementor-widget elementor-widget-posts\" data-id=\"46fee69\" data-element_type=\"widget\" data-e-type=\"widget\" data-settings=\"{&quot;classic_columns&quot;:&quot;4&quot;,&quot;pagination_type&quot;:&quot;numbers&quot;,&quot;classic_columns_tablet&quot;:&quot;2&quot;,&quot;classic_columns_mobile&quot;:&quot;1&quot;,&quot;classic_row_gap&quot;:{&quot;unit&quot;:&quot;px&quot;,&quot;size&quot;:35,&quot;sizes&quot;:[]},&quot;classic_row_gap_tablet&quot;:{&quot;unit&quot;:&quot;px&quot;,&quot;size&quot;:&quot;&quot;,&quot;sizes&quot;:[]},&quot;classic_row_gap_mobile&quot;:{&quot;unit&quot;:&quot;px&quot;,&quot;size&quot;:&quot;&quot;,&quot;sizes&quot;:[]}}\" data-widget_type=\"posts.classic\">\n\t\t\t\t<div class=\"elementor-widget-container\">\n\t\t\t\t\t\t\t<div class=\"elementor-posts-container elementor-posts elementor-posts--skin-classic elementor-grid\" role=\"list\">\n\t\t\t\t<article class=\"elementor-post elementor-grid-item post-10289 post type-post status-publish format-standard has-post-thumbnail hentry category-uncategorized\" role=\"listitem\">\n\t\t\t\t<a class=\"elementor-post__thumbnail__link\" href=\"https:\/\/salonlfcmontreal.com\/en\/2026\/08\/25\/nicole-lefebvre\/\" tabindex=\"-1\" >\n\t\t\t<div class=\"elementor-post__thumbnail\"><img fetchpriority=\"high\" decoding=\"async\" width=\"300\" height=\"300\" src=\"https:\/\/salonlfcmontreal.com\/wp-content\/uploads\/2026\/08\/Lefebvre_Nicole-300x300.png\" class=\"attachment-medium size-medium wp-image-10290\" alt=\"\" srcset=\"https:\/\/salonlfcmontreal.com\/wp-content\/uploads\/2026\/08\/Lefebvre_Nicole-300x300.png 300w, https:\/\/salonlfcmontreal.com\/wp-content\/uploads\/2026\/08\/Lefebvre_Nicole-1024x1024.png 1024w, https:\/\/salonlfcmontreal.com\/wp-content\/uploads\/2026\/08\/Lefebvre_Nicole-150x150.png 150w, https:\/\/salonlfcmontreal.com\/wp-content\/uploads\/2026\/08\/Lefebvre_Nicole-768x768.png 768w, https:\/\/salonlfcmontreal.com\/wp-content\/uploads\/2026\/08\/Lefebvre_Nicole-12x12.png 12w, https:\/\/salonlfcmontreal.com\/wp-content\/uploads\/2026\/08\/Lefebvre_Nicole-600x600.png 600w, https:\/\/salonlfcmontreal.com\/wp-content\/uploads\/2026\/08\/Lefebvre_Nicole-100x100.png 100w, https:\/\/salonlfcmontreal.com\/wp-content\/uploads\/2026\/08\/Lefebvre_Nicole.png 1254w\" sizes=\"(max-width: 300px) 100vw, 300px\" \/><\/div>\n\t\t<\/a>\n\t\t\t\t<div class=\"elementor-post__text\">\n\t\t\t\t<h3 class=\"elementor-post__title\">\n\t\t\t<a href=\"https:\/\/salonlfcmontreal.com\/en\/2026\/08\/25\/nicole-lefebvre\/\" >\n\t\t\t\tNicole Lefebvre\t\t\t<\/a>\n\t\t<\/h3>\n\t\t\t\t<div class=\"elementor-post__meta-data\">\n\t\t\t\t\t<span class=\"elementor-post-date\">\n\t\t\tAugust 25, 2026\t\t<\/span>\n\t\t\t\t<\/div>\n\t\t\n\t\t<a class=\"elementor-post__read-more\" href=\"https:\/\/salonlfcmontreal.com\/en\/2026\/08\/25\/nicole-lefebvre\/\" aria-label=\"Read more about Nicole Lefebvre\" tabindex=\"-1\" >\n\t\t\tView obituary \u00bb\t\t<\/a>\n\n\t\t\t\t<\/div>\n\t\t\t\t<\/article>\n\t\t\t\t<article class=\"elementor-post elementor-grid-item post-10281 post type-post status-publish format-standard has-post-thumbnail hentry category-uncategorized\" role=\"listitem\">\n\t\t\t\t<a class=\"elementor-post__thumbnail__link\" href=\"https:\/\/salonlfcmontreal.com\/en\/2026\/08\/25\/alain-bastien\/\" tabindex=\"-1\" >\n\t\t\t<div class=\"elementor-post__thumbnail\"><img decoding=\"async\" width=\"281\" height=\"300\" src=\"https:\/\/salonlfcmontreal.com\/wp-content\/uploads\/2026\/08\/Bastien-Alain-Photo-1-281x300.jpg\" class=\"attachment-medium size-medium wp-image-10283\" alt=\"\" srcset=\"https:\/\/salonlfcmontreal.com\/wp-content\/uploads\/2026\/08\/Bastien-Alain-Photo-1-281x300.jpg 281w, https:\/\/salonlfcmontreal.com\/wp-content\/uploads\/2026\/08\/Bastien-Alain-Photo-1-959x1024.jpg 959w, https:\/\/salonlfcmontreal.com\/wp-content\/uploads\/2026\/08\/Bastien-Alain-Photo-1-768x820.jpg 768w, https:\/\/salonlfcmontreal.com\/wp-content\/uploads\/2026\/08\/Bastien-Alain-Photo-1-11x12.jpg 11w, https:\/\/salonlfcmontreal.com\/wp-content\/uploads\/2026\/08\/Bastien-Alain-Photo-1-600x641.jpg 600w, https:\/\/salonlfcmontreal.com\/wp-content\/uploads\/2026\/08\/Bastien-Alain-Photo-1.jpg 1320w\" sizes=\"(max-width: 281px) 100vw, 281px\" \/><\/div>\n\t\t<\/a>\n\t\t\t\t<div class=\"elementor-post__text\">\n\t\t\t\t<h3 class=\"elementor-post__title\">\n\t\t\t<a href=\"https:\/\/salonlfcmontreal.com\/en\/2026\/08\/25\/alain-bastien\/\" >\n\t\t\t\tAlain Bastien\t\t\t<\/a>\n\t\t<\/h3>\n\t\t\t\t<div class=\"elementor-post__meta-data\">\n\t\t\t\t\t<span class=\"elementor-post-date\">\n\t\t\tAugust 25, 2026\t\t<\/span>\n\t\t\t\t<\/div>\n\t\t\n\t\t<a class=\"elementor-post__read-more\" href=\"https:\/\/salonlfcmontreal.com\/en\/2026\/08\/25\/alain-bastien\/\" aria-label=\"Read more about Alain Bastien\" tabindex=\"-1\" >\n\t\t\tView obituary \u00bb\t\t<\/a>\n\n\t\t\t\t<\/div>\n\t\t\t\t<\/article>\n\t\t\t\t<article class=\"elementor-post elementor-grid-item post-10274 post type-post status-publish format-standard has-post-thumbnail hentry category-uncategorized\" role=\"listitem\">\n\t\t\t\t<a class=\"elementor-post__thumbnail__link\" href=\"https:\/\/salonlfcmontreal.com\/en\/2026\/08\/24\/josue-gomez\/\" tabindex=\"-1\" >\n\t\t\t<div class=\"elementor-post__thumbnail\"><img decoding=\"async\" width=\"240\" height=\"300\" src=\"https:\/\/salonlfcmontreal.com\/wp-content\/uploads\/2026\/08\/Gomez_Josue-240x300.png\" class=\"attachment-medium size-medium wp-image-10275\" alt=\"\" srcset=\"https:\/\/salonlfcmontreal.com\/wp-content\/uploads\/2026\/08\/Gomez_Josue-240x300.png 240w, https:\/\/salonlfcmontreal.com\/wp-content\/uploads\/2026\/08\/Gomez_Josue-819x1024.png 819w, https:\/\/salonlfcmontreal.com\/wp-content\/uploads\/2026\/08\/Gomez_Josue-768x960.png 768w, https:\/\/salonlfcmontreal.com\/wp-content\/uploads\/2026\/08\/Gomez_Josue-10x12.png 10w, https:\/\/salonlfcmontreal.com\/wp-content\/uploads\/2026\/08\/Gomez_Josue-600x750.png 600w, https:\/\/salonlfcmontreal.com\/wp-content\/uploads\/2026\/08\/Gomez_Josue.png 1122w\" sizes=\"(max-width: 240px) 100vw, 240px\" \/><\/div>\n\t\t<\/a>\n\t\t\t\t<div class=\"elementor-post__text\">\n\t\t\t\t<h3 class=\"elementor-post__title\">\n\t\t\t<a href=\"https:\/\/salonlfcmontreal.com\/en\/2026\/08\/24\/josue-gomez\/\" >\n\t\t\t\tJosue Gomez\t\t\t<\/a>\n\t\t<\/h3>\n\t\t\t\t<div class=\"elementor-post__meta-data\">\n\t\t\t\t\t<span class=\"elementor-post-date\">\n\t\t\tAugust 24, 2026\t\t<\/span>\n\t\t\t\t<\/div>\n\t\t\n\t\t<a class=\"elementor-post__read-more\" href=\"https:\/\/salonlfcmontreal.com\/en\/2026\/08\/24\/josue-gomez\/\" aria-label=\"Read more about Josue Gomez\" tabindex=\"-1\" >\n\t\t\tView obituary \u00bb\t\t<\/a>\n\n\t\t\t\t<\/div>\n\t\t\t\t<\/article>\n\t\t\t\t<article class=\"elementor-post elementor-grid-item post-10267 post type-post status-publish format-standard has-post-thumbnail hentry category-uncategorized\" role=\"listitem\">\n\t\t\t\t<a class=\"elementor-post__thumbnail__link\" href=\"https:\/\/salonlfcmontreal.com\/en\/2026\/08\/23\/cecile-desmarais-vernier\/\" tabindex=\"-1\" >\n\t\t\t<div class=\"elementor-post__thumbnail\"><img loading=\"lazy\" decoding=\"async\" width=\"243\" height=\"300\" src=\"https:\/\/salonlfcmontreal.com\/wp-content\/uploads\/2026\/08\/Desmarais-Cecile-DEM-9487-necrologie-243x300.jpg\" class=\"attachment-medium size-medium wp-image-10268\" alt=\"\" srcset=\"https:\/\/salonlfcmontreal.com\/wp-content\/uploads\/2026\/08\/Desmarais-Cecile-DEM-9487-necrologie-243x300.jpg 243w, https:\/\/salonlfcmontreal.com\/wp-content\/uploads\/2026\/08\/Desmarais-Cecile-DEM-9487-necrologie-828x1024.jpg 828w, https:\/\/salonlfcmontreal.com\/wp-content\/uploads\/2026\/08\/Desmarais-Cecile-DEM-9487-necrologie-768x950.jpg 768w, https:\/\/salonlfcmontreal.com\/wp-content\/uploads\/2026\/08\/Desmarais-Cecile-DEM-9487-necrologie-1242x1536.jpg 1242w, https:\/\/salonlfcmontreal.com\/wp-content\/uploads\/2026\/08\/Desmarais-Cecile-DEM-9487-necrologie-10x12.jpg 10w, https:\/\/salonlfcmontreal.com\/wp-content\/uploads\/2026\/08\/Desmarais-Cecile-DEM-9487-necrologie-600x742.jpg 600w, https:\/\/salonlfcmontreal.com\/wp-content\/uploads\/2026\/08\/Desmarais-Cecile-DEM-9487-necrologie.jpg 1639w\" sizes=\"(max-width: 243px) 100vw, 243px\" \/><\/div>\n\t\t<\/a>\n\t\t\t\t<div class=\"elementor-post__text\">\n\t\t\t\t<h3 class=\"elementor-post__title\">\n\t\t\t<a href=\"https:\/\/salonlfcmontreal.com\/en\/2026\/08\/23\/cecile-desmarais-vernier\/\" >\n\t\t\t\tC\u00e9cile Desmarais Vernier\t\t\t<\/a>\n\t\t<\/h3>\n\t\t\t\t<div class=\"elementor-post__meta-data\">\n\t\t\t\t\t<span class=\"elementor-post-date\">\n\t\t\tAugust 23, 2026\t\t<\/span>\n\t\t\t\t<\/div>\n\t\t\n\t\t<a class=\"elementor-post__read-more\" href=\"https:\/\/salonlfcmontreal.com\/en\/2026\/08\/23\/cecile-desmarais-vernier\/\" aria-label=\"Read more about C\u00e9cile Desmarais Vernier\" tabindex=\"-1\" >\n\t\t\tView obituary \u00bb\t\t<\/a>\n\n\t\t\t\t<\/div>\n\t\t\t\t<\/article>\n\t\t\t\t<article class=\"elementor-post elementor-grid-item post-10261 post type-post status-publish format-standard has-post-thumbnail hentry category-uncategorized\" role=\"listitem\">\n\t\t\t\t<a class=\"elementor-post__thumbnail__link\" href=\"https:\/\/salonlfcmontreal.com\/en\/2026\/08\/22\/michele-bertrand\/\" tabindex=\"-1\" >\n\t\t\t<div class=\"elementor-post__thumbnail\"><img loading=\"lazy\" decoding=\"async\" width=\"300\" height=\"252\" src=\"https:\/\/salonlfcmontreal.com\/wp-content\/uploads\/2026\/08\/Bertrand-Michele-DEM-9469-necro-maison-Roy-300x252.jpg\" class=\"attachment-medium size-medium wp-image-10262\" alt=\"\" srcset=\"https:\/\/salonlfcmontreal.com\/wp-content\/uploads\/2026\/08\/Bertrand-Michele-DEM-9469-necro-maison-Roy-300x252.jpg 300w, https:\/\/salonlfcmontreal.com\/wp-content\/uploads\/2026\/08\/Bertrand-Michele-DEM-9469-necro-maison-Roy-768x645.jpg 768w, https:\/\/salonlfcmontreal.com\/wp-content\/uploads\/2026\/08\/Bertrand-Michele-DEM-9469-necro-maison-Roy-14x12.jpg 14w, https:\/\/salonlfcmontreal.com\/wp-content\/uploads\/2026\/08\/Bertrand-Michele-DEM-9469-necro-maison-Roy-600x504.jpg 600w, https:\/\/salonlfcmontreal.com\/wp-content\/uploads\/2026\/08\/Bertrand-Michele-DEM-9469-necro-maison-Roy.jpg 848w\" sizes=\"(max-width: 300px) 100vw, 300px\" \/><\/div>\n\t\t<\/a>\n\t\t\t\t<div class=\"elementor-post__text\">\n\t\t\t\t<h3 class=\"elementor-post__title\">\n\t\t\t<a href=\"https:\/\/salonlfcmontreal.com\/en\/2026\/08\/22\/michele-bertrand\/\" >\n\t\t\t\tMich\u00e8le Bertrand\t\t\t<\/a>\n\t\t<\/h3>\n\t\t\t\t<div class=\"elementor-post__meta-data\">\n\t\t\t\t\t<span class=\"elementor-post-date\">\n\t\t\tAugust 22, 2026\t\t<\/span>\n\t\t\t\t<\/div>\n\t\t\n\t\t<a class=\"elementor-post__read-more\" href=\"https:\/\/salonlfcmontreal.com\/en\/2026\/08\/22\/michele-bertrand\/\" aria-label=\"Read more about Mich\u00e8le Bertrand\" tabindex=\"-1\" >\n\t\t\tView obituary \u00bb\t\t<\/a>\n\n\t\t\t\t<\/div>\n\t\t\t\t<\/article>\n\t\t\t\t<article class=\"elementor-post elementor-grid-item post-10244 post type-post status-publish format-standard has-post-thumbnail hentry category-uncategorized\" role=\"listitem\">\n\t\t\t\t<a class=\"elementor-post__thumbnail__link\" href=\"https:\/\/salonlfcmontreal.com\/en\/2026\/08\/16\/nicole-joly-lessard\/\" tabindex=\"-1\" >\n\t\t\t<div class=\"elementor-post__thumbnail\"><img loading=\"lazy\" decoding=\"async\" width=\"246\" height=\"300\" src=\"https:\/\/salonlfcmontreal.com\/wp-content\/uploads\/2026\/08\/Nicole_Joly_Lessard-246x300.jpg\" class=\"attachment-medium size-medium wp-image-10245\" alt=\"\" srcset=\"https:\/\/salonlfcmontreal.com\/wp-content\/uploads\/2026\/08\/Nicole_Joly_Lessard-246x300.jpg 246w, https:\/\/salonlfcmontreal.com\/wp-content\/uploads\/2026\/08\/Nicole_Joly_Lessard-840x1024.jpg 840w, https:\/\/salonlfcmontreal.com\/wp-content\/uploads\/2026\/08\/Nicole_Joly_Lessard-768x936.jpg 768w, https:\/\/salonlfcmontreal.com\/wp-content\/uploads\/2026\/08\/Nicole_Joly_Lessard-1260x1536.jpg 1260w, https:\/\/salonlfcmontreal.com\/wp-content\/uploads\/2026\/08\/Nicole_Joly_Lessard-10x12.jpg 10w, https:\/\/salonlfcmontreal.com\/wp-content\/uploads\/2026\/08\/Nicole_Joly_Lessard-600x732.jpg 600w, https:\/\/salonlfcmontreal.com\/wp-content\/uploads\/2026\/08\/Nicole_Joly_Lessard.jpg 1290w\" sizes=\"(max-width: 246px) 100vw, 246px\" \/><\/div>\n\t\t<\/a>\n\t\t\t\t<div class=\"elementor-post__text\">\n\t\t\t\t<h3 class=\"elementor-post__title\">\n\t\t\t<a href=\"https:\/\/salonlfcmontreal.com\/en\/2026\/08\/16\/nicole-joly-lessard\/\" >\n\t\t\t\tNicole Joly Lessard\t\t\t<\/a>\n\t\t<\/h3>\n\t\t\t\t<div class=\"elementor-post__meta-data\">\n\t\t\t\t\t<span class=\"elementor-post-date\">\n\t\t\tAugust 16, 2026\t\t<\/span>\n\t\t\t\t<\/div>\n\t\t\n\t\t<a class=\"elementor-post__read-more\" href=\"https:\/\/salonlfcmontreal.com\/en\/2026\/08\/16\/nicole-joly-lessard\/\" aria-label=\"Read more about Nicole Joly Lessard\" tabindex=\"-1\" >\n\t\t\tView obituary \u00bb\t\t<\/a>\n\n\t\t\t\t<\/div>\n\t\t\t\t<\/article>\n\t\t\t\t<article class=\"elementor-post elementor-grid-item post-10235 post type-post status-publish format-standard has-post-thumbnail hentry category-uncategorized\" role=\"listitem\">\n\t\t\t\t<a class=\"elementor-post__thumbnail__link\" href=\"https:\/\/salonlfcmontreal.com\/en\/2026\/08\/12\/jean-marc-roy\/\" tabindex=\"-1\" >\n\t\t\t<div class=\"elementor-post__thumbnail\"><img loading=\"lazy\" decoding=\"async\" width=\"300\" height=\"272\" src=\"https:\/\/salonlfcmontreal.com\/wp-content\/uploads\/2026\/08\/Jean-Marc_Roy-300x272.jpeg\" class=\"attachment-medium size-medium wp-image-10236\" alt=\"\" srcset=\"https:\/\/salonlfcmontreal.com\/wp-content\/uploads\/2026\/08\/Jean-Marc_Roy-300x272.jpeg 300w, https:\/\/salonlfcmontreal.com\/wp-content\/uploads\/2026\/08\/Jean-Marc_Roy-13x12.jpeg 13w, https:\/\/salonlfcmontreal.com\/wp-content\/uploads\/2026\/08\/Jean-Marc_Roy.jpeg 401w\" sizes=\"(max-width: 300px) 100vw, 300px\" \/><\/div>\n\t\t<\/a>\n\t\t\t\t<div class=\"elementor-post__text\">\n\t\t\t\t<h3 class=\"elementor-post__title\">\n\t\t\t<a href=\"https:\/\/salonlfcmontreal.com\/en\/2026\/08\/12\/jean-marc-roy\/\" >\n\t\t\t\tJean-Marc Roy\t\t\t<\/a>\n\t\t<\/h3>\n\t\t\t\t<div class=\"elementor-post__meta-data\">\n\t\t\t\t\t<span class=\"elementor-post-date\">\n\t\t\tAugust 12, 2026\t\t<\/span>\n\t\t\t\t<\/div>\n\t\t\n\t\t<a class=\"elementor-post__read-more\" href=\"https:\/\/salonlfcmontreal.com\/en\/2026\/08\/12\/jean-marc-roy\/\" aria-label=\"Read more about Jean-Marc Roy\" tabindex=\"-1\" >\n\t\t\tView obituary \u00bb\t\t<\/a>\n\n\t\t\t\t<\/div>\n\t\t\t\t<\/article>\n\t\t\t\t<article class=\"elementor-post elementor-grid-item post-10221 post type-post status-publish format-standard has-post-thumbnail hentry category-uncategorized\" role=\"listitem\">\n\t\t\t\t<a class=\"elementor-post__thumbnail__link\" href=\"https:\/\/salonlfcmontreal.com\/en\/2026\/08\/08\/normand-corbeil\/\" tabindex=\"-1\" >\n\t\t\t<div class=\"elementor-post__thumbnail\"><img loading=\"lazy\" decoding=\"async\" width=\"300\" height=\"241\" src=\"https:\/\/salonlfcmontreal.com\/wp-content\/uploads\/2026\/08\/Normand_Corbeil_2-300x241.jpg\" class=\"attachment-medium size-medium wp-image-10222\" alt=\"\" srcset=\"https:\/\/salonlfcmontreal.com\/wp-content\/uploads\/2026\/08\/Normand_Corbeil_2-300x241.jpg 300w, https:\/\/salonlfcmontreal.com\/wp-content\/uploads\/2026\/08\/Normand_Corbeil_2-1024x821.jpg 1024w, https:\/\/salonlfcmontreal.com\/wp-content\/uploads\/2026\/08\/Normand_Corbeil_2-768x616.jpg 768w, https:\/\/salonlfcmontreal.com\/wp-content\/uploads\/2026\/08\/Normand_Corbeil_2-15x12.jpg 15w, https:\/\/salonlfcmontreal.com\/wp-content\/uploads\/2026\/08\/Normand_Corbeil_2-600x481.jpg 600w, https:\/\/salonlfcmontreal.com\/wp-content\/uploads\/2026\/08\/Normand_Corbeil_2.jpg 1253w\" sizes=\"(max-width: 300px) 100vw, 300px\" \/><\/div>\n\t\t<\/a>\n\t\t\t\t<div class=\"elementor-post__text\">\n\t\t\t\t<h3 class=\"elementor-post__title\">\n\t\t\t<a href=\"https:\/\/salonlfcmontreal.com\/en\/2026\/08\/08\/normand-corbeil\/\" >\n\t\t\t\tNormand Corbeil\t\t\t<\/a>\n\t\t<\/h3>\n\t\t\t\t<div class=\"elementor-post__meta-data\">\n\t\t\t\t\t<span class=\"elementor-post-date\">\n\t\t\tAugust 8, 2026\t\t<\/span>\n\t\t\t\t<\/div>\n\t\t\n\t\t<a class=\"elementor-post__read-more\" href=\"https:\/\/salonlfcmontreal.com\/en\/2026\/08\/08\/normand-corbeil\/\" aria-label=\"Read more about Normand Corbeil\" tabindex=\"-1\" >\n\t\t\tView obituary \u00bb\t\t<\/a>\n\n\t\t\t\t<\/div>\n\t\t\t\t<\/article>\n\t\t\t\t<article class=\"elementor-post elementor-grid-item post-10215 post type-post status-publish format-standard has-post-thumbnail hentry category-uncategorized\" role=\"listitem\">\n\t\t\t\t<a class=\"elementor-post__thumbnail__link\" href=\"https:\/\/salonlfcmontreal.com\/en\/2026\/08\/05\/mariette-bruneau-marsan\/\" tabindex=\"-1\" >\n\t\t\t<div class=\"elementor-post__thumbnail\"><img loading=\"lazy\" decoding=\"async\" width=\"242\" height=\"300\" src=\"https:\/\/salonlfcmontreal.com\/wp-content\/uploads\/2026\/08\/5260203-CAD810RE-epreuve_Mariette_Bruneau-242x300.jpg\" class=\"attachment-medium size-medium wp-image-10216\" alt=\"\" srcset=\"https:\/\/salonlfcmontreal.com\/wp-content\/uploads\/2026\/08\/5260203-CAD810RE-epreuve_Mariette_Bruneau-242x300.jpg 242w, https:\/\/salonlfcmontreal.com\/wp-content\/uploads\/2026\/08\/5260203-CAD810RE-epreuve_Mariette_Bruneau-826x1024.jpg 826w, https:\/\/salonlfcmontreal.com\/wp-content\/uploads\/2026\/08\/5260203-CAD810RE-epreuve_Mariette_Bruneau-768x952.jpg 768w, https:\/\/salonlfcmontreal.com\/wp-content\/uploads\/2026\/08\/5260203-CAD810RE-epreuve_Mariette_Bruneau-1240x1536.jpg 1240w, https:\/\/salonlfcmontreal.com\/wp-content\/uploads\/2026\/08\/5260203-CAD810RE-epreuve_Mariette_Bruneau-10x12.jpg 10w, https:\/\/salonlfcmontreal.com\/wp-content\/uploads\/2026\/08\/5260203-CAD810RE-epreuve_Mariette_Bruneau-600x743.jpg 600w, https:\/\/salonlfcmontreal.com\/wp-content\/uploads\/2026\/08\/5260203-CAD810RE-epreuve_Mariette_Bruneau.jpg 1640w\" sizes=\"(max-width: 242px) 100vw, 242px\" \/><\/div>\n\t\t<\/a>\n\t\t\t\t<div class=\"elementor-post__text\">\n\t\t\t\t<h3 class=\"elementor-post__title\">\n\t\t\t<a href=\"https:\/\/salonlfcmontreal.com\/en\/2026\/08\/05\/mariette-bruneau-marsan\/\" >\n\t\t\t\tMariette Bruneau Marsan\t\t\t<\/a>\n\t\t<\/h3>\n\t\t\t\t<div class=\"elementor-post__meta-data\">\n\t\t\t\t\t<span class=\"elementor-post-date\">\n\t\t\tAugust 5, 2026\t\t<\/span>\n\t\t\t\t<\/div>\n\t\t\n\t\t<a class=\"elementor-post__read-more\" href=\"https:\/\/salonlfcmontreal.com\/en\/2026\/08\/05\/mariette-bruneau-marsan\/\" aria-label=\"Read more about Mariette Bruneau Marsan\" tabindex=\"-1\" >\n\t\t\tView obituary \u00bb\t\t<\/a>\n\n\t\t\t\t<\/div>\n\t\t\t\t<\/article>\n\t\t\t\t<article class=\"elementor-post elementor-grid-item post-10204 post type-post status-publish format-standard has-post-thumbnail hentry category-uncategorized\" role=\"listitem\">\n\t\t\t\t<a class=\"elementor-post__thumbnail__link\" href=\"https:\/\/salonlfcmontreal.com\/en\/2026\/08\/03\/marcel-ranger\/\" tabindex=\"-1\" >\n\t\t\t<div class=\"elementor-post__thumbnail\"><img loading=\"lazy\" decoding=\"async\" width=\"162\" height=\"300\" src=\"https:\/\/salonlfcmontreal.com\/wp-content\/uploads\/2026\/08\/Marcel_Ranger2-162x300.jpeg\" class=\"attachment-medium size-medium wp-image-10210\" alt=\"\" srcset=\"https:\/\/salonlfcmontreal.com\/wp-content\/uploads\/2026\/08\/Marcel_Ranger2-162x300.jpeg 162w, https:\/\/salonlfcmontreal.com\/wp-content\/uploads\/2026\/08\/Marcel_Ranger2-6x12.jpeg 6w, https:\/\/salonlfcmontreal.com\/wp-content\/uploads\/2026\/08\/Marcel_Ranger2.jpeg 283w\" sizes=\"(max-width: 162px) 100vw, 162px\" \/><\/div>\n\t\t<\/a>\n\t\t\t\t<div class=\"elementor-post__text\">\n\t\t\t\t<h3 class=\"elementor-post__title\">\n\t\t\t<a href=\"https:\/\/salonlfcmontreal.com\/en\/2026\/08\/03\/marcel-ranger\/\" >\n\t\t\t\tMarcel Ranger\t\t\t<\/a>\n\t\t<\/h3>\n\t\t\t\t<div class=\"elementor-post__meta-data\">\n\t\t\t\t\t<span class=\"elementor-post-date\">\n\t\t\tAugust 3, 2026\t\t<\/span>\n\t\t\t\t<\/div>\n\t\t\n\t\t<a class=\"elementor-post__read-more\" href=\"https:\/\/salonlfcmontreal.com\/en\/2026\/08\/03\/marcel-ranger\/\" aria-label=\"Read more about Marcel Ranger\" tabindex=\"-1\" >\n\t\t\tView obituary \u00bb\t\t<\/a>\n\n\t\t\t\t<\/div>\n\t\t\t\t<\/article>\n\t\t\t\t<article class=\"elementor-post elementor-grid-item post-10197 post type-post status-publish format-standard has-post-thumbnail hentry category-uncategorized\" role=\"listitem\">\n\t\t\t\t<a class=\"elementor-post__thumbnail__link\" href=\"https:\/\/salonlfcmontreal.com\/en\/2026\/08\/02\/michel-belanger-2\/\" tabindex=\"-1\" >\n\t\t\t<div class=\"elementor-post__thumbnail\"><img loading=\"lazy\" decoding=\"async\" width=\"240\" height=\"300\" src=\"https:\/\/salonlfcmontreal.com\/wp-content\/uploads\/2026\/08\/DEM-9455-Belanger-Michel-necro-240x300.jpg\" class=\"attachment-medium size-medium wp-image-10198\" alt=\"\" srcset=\"https:\/\/salonlfcmontreal.com\/wp-content\/uploads\/2026\/08\/DEM-9455-Belanger-Michel-necro-240x300.jpg 240w, https:\/\/salonlfcmontreal.com\/wp-content\/uploads\/2026\/08\/DEM-9455-Belanger-Michel-necro-819x1024.jpg 819w, https:\/\/salonlfcmontreal.com\/wp-content\/uploads\/2026\/08\/DEM-9455-Belanger-Michel-necro-768x960.jpg 768w, https:\/\/salonlfcmontreal.com\/wp-content\/uploads\/2026\/08\/DEM-9455-Belanger-Michel-necro-10x12.jpg 10w, https:\/\/salonlfcmontreal.com\/wp-content\/uploads\/2026\/08\/DEM-9455-Belanger-Michel-necro-600x750.jpg 600w, https:\/\/salonlfcmontreal.com\/wp-content\/uploads\/2026\/08\/DEM-9455-Belanger-Michel-necro.jpg 1202w\" sizes=\"(max-width: 240px) 100vw, 240px\" \/><\/div>\n\t\t<\/a>\n\t\t\t\t<div class=\"elementor-post__text\">\n\t\t\t\t<h3 class=\"elementor-post__title\">\n\t\t\t<a href=\"https:\/\/salonlfcmontreal.com\/en\/2026\/08\/02\/michel-belanger-2\/\" >\n\t\t\t\tMichel B\u00e9langer\t\t\t<\/a>\n\t\t<\/h3>\n\t\t\t\t<div class=\"elementor-post__meta-data\">\n\t\t\t\t\t<span class=\"elementor-post-date\">\n\t\t\tAugust 2, 2026\t\t<\/span>\n\t\t\t\t<\/div>\n\t\t\n\t\t<a class=\"elementor-post__read-more\" href=\"https:\/\/salonlfcmontreal.com\/en\/2026\/08\/02\/michel-belanger-2\/\" aria-label=\"Read more about Michel B\u00e9langer\" tabindex=\"-1\" >\n\t\t\tView obituary \u00bb\t\t<\/a>\n\n\t\t\t\t<\/div>\n\t\t\t\t<\/article>\n\t\t\t\t<article class=\"elementor-post elementor-grid-item post-10186 post type-post status-publish format-standard has-post-thumbnail hentry category-uncategorized\" role=\"listitem\">\n\t\t\t\t<a class=\"elementor-post__thumbnail__link\" href=\"https:\/\/salonlfcmontreal.com\/en\/2026\/08\/01\/jean-claude-latran\/\" tabindex=\"-1\" >\n\t\t\t<div class=\"elementor-post__thumbnail\"><img loading=\"lazy\" decoding=\"async\" width=\"213\" height=\"300\" src=\"https:\/\/salonlfcmontreal.com\/wp-content\/uploads\/2026\/08\/Latran_Jean-Claude-1-213x300.jpg\" class=\"attachment-medium size-medium wp-image-10188\" alt=\"\" srcset=\"https:\/\/salonlfcmontreal.com\/wp-content\/uploads\/2026\/08\/Latran_Jean-Claude-1-213x300.jpg 213w, https:\/\/salonlfcmontreal.com\/wp-content\/uploads\/2026\/08\/Latran_Jean-Claude-1-727x1024.jpg 727w, https:\/\/salonlfcmontreal.com\/wp-content\/uploads\/2026\/08\/Latran_Jean-Claude-1-768x1081.jpg 768w, https:\/\/salonlfcmontreal.com\/wp-content\/uploads\/2026\/08\/Latran_Jean-Claude-1-1091x1536.jpg 1091w, https:\/\/salonlfcmontreal.com\/wp-content\/uploads\/2026\/08\/Latran_Jean-Claude-1-1454x2048.jpg 1454w, https:\/\/salonlfcmontreal.com\/wp-content\/uploads\/2026\/08\/Latran_Jean-Claude-1-9x12.jpg 9w, https:\/\/salonlfcmontreal.com\/wp-content\/uploads\/2026\/08\/Latran_Jean-Claude-1-600x845.jpg 600w, https:\/\/salonlfcmontreal.com\/wp-content\/uploads\/2026\/08\/Latran_Jean-Claude-1-scaled.jpg 1818w\" sizes=\"(max-width: 213px) 100vw, 213px\" \/><\/div>\n\t\t<\/a>\n\t\t\t\t<div class=\"elementor-post__text\">\n\t\t\t\t<h3 class=\"elementor-post__title\">\n\t\t\t<a href=\"https:\/\/salonlfcmontreal.com\/en\/2026\/08\/01\/jean-claude-latran\/\" >\n\t\t\t\tJean-Claude Latran\t\t\t<\/a>\n\t\t<\/h3>\n\t\t\t\t<div class=\"elementor-post__meta-data\">\n\t\t\t\t\t<span class=\"elementor-post-date\">\n\t\t\tAugust 1, 2026\t\t<\/span>\n\t\t\t\t<\/div>\n\t\t\n\t\t<a class=\"elementor-post__read-more\" href=\"https:\/\/salonlfcmontreal.com\/en\/2026\/08\/01\/jean-claude-latran\/\" aria-label=\"Read more about Jean-Claude Latran\" tabindex=\"-1\" >\n\t\t\tView obituary \u00bb\t\t<\/a>\n\n\t\t\t\t<\/div>\n\t\t\t\t<\/article>\n\t\t\t\t<article class=\"elementor-post elementor-grid-item post-10180 post type-post status-publish format-standard has-post-thumbnail hentry category-uncategorized\" role=\"listitem\">\n\t\t\t\t<a class=\"elementor-post__thumbnail__link\" href=\"https:\/\/salonlfcmontreal.com\/en\/2026\/07\/28\/diane-lavoie\/\" tabindex=\"-1\" >\n\t\t\t<div class=\"elementor-post__thumbnail\"><img loading=\"lazy\" decoding=\"async\" width=\"240\" height=\"300\" src=\"https:\/\/salonlfcmontreal.com\/wp-content\/uploads\/2026\/07\/DEM-9426-Lavoie-Diane-240x300.jpg\" class=\"attachment-medium size-medium wp-image-10181\" alt=\"\" srcset=\"https:\/\/salonlfcmontreal.com\/wp-content\/uploads\/2026\/07\/DEM-9426-Lavoie-Diane-240x300.jpg 240w, https:\/\/salonlfcmontreal.com\/wp-content\/uploads\/2026\/07\/DEM-9426-Lavoie-Diane-819x1024.jpg 819w, https:\/\/salonlfcmontreal.com\/wp-content\/uploads\/2026\/07\/DEM-9426-Lavoie-Diane-768x960.jpg 768w, https:\/\/salonlfcmontreal.com\/wp-content\/uploads\/2026\/07\/DEM-9426-Lavoie-Diane-10x12.jpg 10w, https:\/\/salonlfcmontreal.com\/wp-content\/uploads\/2026\/07\/DEM-9426-Lavoie-Diane-600x750.jpg 600w, https:\/\/salonlfcmontreal.com\/wp-content\/uploads\/2026\/07\/DEM-9426-Lavoie-Diane.jpg 1202w\" sizes=\"(max-width: 240px) 100vw, 240px\" \/><\/div>\n\t\t<\/a>\n\t\t\t\t<div class=\"elementor-post__text\">\n\t\t\t\t<h3 class=\"elementor-post__title\">\n\t\t\t<a href=\"https:\/\/salonlfcmontreal.com\/en\/2026\/07\/28\/diane-lavoie\/\" >\n\t\t\t\tDiane Lavoie\t\t\t<\/a>\n\t\t<\/h3>\n\t\t\t\t<div class=\"elementor-post__meta-data\">\n\t\t\t\t\t<span class=\"elementor-post-date\">\n\t\t\tJuly 28, 2026\t\t<\/span>\n\t\t\t\t<\/div>\n\t\t\n\t\t<a class=\"elementor-post__read-more\" href=\"https:\/\/salonlfcmontreal.com\/en\/2026\/07\/28\/diane-lavoie\/\" aria-label=\"Read more about Diane Lavoie\" tabindex=\"-1\" >\n\t\t\tView obituary \u00bb\t\t<\/a>\n\n\t\t\t\t<\/div>\n\t\t\t\t<\/article>\n\t\t\t\t<article class=\"elementor-post elementor-grid-item post-10173 post type-post status-publish format-standard has-post-thumbnail hentry category-uncategorized\" role=\"listitem\">\n\t\t\t\t<a class=\"elementor-post__thumbnail__link\" href=\"https:\/\/salonlfcmontreal.com\/en\/2026\/07\/26\/bernard-kanayoge\/\" tabindex=\"-1\" >\n\t\t\t<div class=\"elementor-post__thumbnail\"><img loading=\"lazy\" decoding=\"async\" width=\"229\" height=\"300\" src=\"https:\/\/salonlfcmontreal.com\/wp-content\/uploads\/2026\/07\/DEM-9452-Kanayoge-Bernard-necrologie2-229x300.jpg\" class=\"attachment-medium size-medium wp-image-10174\" alt=\"\" srcset=\"https:\/\/salonlfcmontreal.com\/wp-content\/uploads\/2026\/07\/DEM-9452-Kanayoge-Bernard-necrologie2-229x300.jpg 229w, https:\/\/salonlfcmontreal.com\/wp-content\/uploads\/2026\/07\/DEM-9452-Kanayoge-Bernard-necrologie2-780x1024.jpg 780w, https:\/\/salonlfcmontreal.com\/wp-content\/uploads\/2026\/07\/DEM-9452-Kanayoge-Bernard-necrologie2-768x1008.jpg 768w, https:\/\/salonlfcmontreal.com\/wp-content\/uploads\/2026\/07\/DEM-9452-Kanayoge-Bernard-necrologie2-9x12.jpg 9w, https:\/\/salonlfcmontreal.com\/wp-content\/uploads\/2026\/07\/DEM-9452-Kanayoge-Bernard-necrologie2-600x788.jpg 600w, https:\/\/salonlfcmontreal.com\/wp-content\/uploads\/2026\/07\/DEM-9452-Kanayoge-Bernard-necrologie2.jpg 1068w\" sizes=\"(max-width: 229px) 100vw, 229px\" \/><\/div>\n\t\t<\/a>\n\t\t\t\t<div class=\"elementor-post__text\">\n\t\t\t\t<h3 class=\"elementor-post__title\">\n\t\t\t<a href=\"https:\/\/salonlfcmontreal.com\/en\/2026\/07\/26\/bernard-kanayoge\/\" >\n\t\t\t\tBernard Kanayoge\t\t\t<\/a>\n\t\t<\/h3>\n\t\t\t\t<div class=\"elementor-post__meta-data\">\n\t\t\t\t\t<span class=\"elementor-post-date\">\n\t\t\tJuly 26, 2026\t\t<\/span>\n\t\t\t\t<\/div>\n\t\t\n\t\t<a class=\"elementor-post__read-more\" href=\"https:\/\/salonlfcmontreal.com\/en\/2026\/07\/26\/bernard-kanayoge\/\" aria-label=\"Read more about Bernard Kanayoge\" tabindex=\"-1\" >\n\t\t\tView obituary \u00bb\t\t<\/a>\n\n\t\t\t\t<\/div>\n\t\t\t\t<\/article>\n\t\t\t\t<article class=\"elementor-post elementor-grid-item post-10164 post type-post status-publish format-standard has-post-thumbnail hentry category-uncategorized\" role=\"listitem\">\n\t\t\t\t<a class=\"elementor-post__thumbnail__link\" href=\"https:\/\/salonlfcmontreal.com\/en\/2026\/07\/25\/laurent-bergeron\/\" tabindex=\"-1\" >\n\t\t\t<div class=\"elementor-post__thumbnail\"><img loading=\"lazy\" decoding=\"async\" width=\"241\" height=\"300\" src=\"https:\/\/salonlfcmontreal.com\/wp-content\/uploads\/2026\/07\/Bergeron-Laurent-241x300.jpg\" class=\"attachment-medium size-medium wp-image-10214\" alt=\"\" srcset=\"https:\/\/salonlfcmontreal.com\/wp-content\/uploads\/2026\/07\/Bergeron-Laurent-241x300.jpg 241w, https:\/\/salonlfcmontreal.com\/wp-content\/uploads\/2026\/07\/Bergeron-Laurent-823x1024.jpg 823w, https:\/\/salonlfcmontreal.com\/wp-content\/uploads\/2026\/07\/Bergeron-Laurent-768x955.jpg 768w, https:\/\/salonlfcmontreal.com\/wp-content\/uploads\/2026\/07\/Bergeron-Laurent-1235x1536.jpg 1235w, https:\/\/salonlfcmontreal.com\/wp-content\/uploads\/2026\/07\/Bergeron-Laurent-10x12.jpg 10w, https:\/\/salonlfcmontreal.com\/wp-content\/uploads\/2026\/07\/Bergeron-Laurent-600x746.jpg 600w, https:\/\/salonlfcmontreal.com\/wp-content\/uploads\/2026\/07\/Bergeron-Laurent.jpg 1644w\" sizes=\"(max-width: 241px) 100vw, 241px\" \/><\/div>\n\t\t<\/a>\n\t\t\t\t<div class=\"elementor-post__text\">\n\t\t\t\t<h3 class=\"elementor-post__title\">\n\t\t\t<a href=\"https:\/\/salonlfcmontreal.com\/en\/2026\/07\/25\/laurent-bergeron\/\" >\n\t\t\t\tLaurent Bergeron\t\t\t<\/a>\n\t\t<\/h3>\n\t\t\t\t<div class=\"elementor-post__meta-data\">\n\t\t\t\t\t<span class=\"elementor-post-date\">\n\t\t\tJuly 25, 2026\t\t<\/span>\n\t\t\t\t<\/div>\n\t\t\n\t\t<a class=\"elementor-post__read-more\" href=\"https:\/\/salonlfcmontreal.com\/en\/2026\/07\/25\/laurent-bergeron\/\" aria-label=\"Read more about Laurent Bergeron\" tabindex=\"-1\" >\n\t\t\tView obituary \u00bb\t\t<\/a>\n\n\t\t\t\t<\/div>\n\t\t\t\t<\/article>\n\t\t\t\t<article class=\"elementor-post elementor-grid-item post-10158 post type-post status-publish format-standard has-post-thumbnail hentry category-uncategorized\" role=\"listitem\">\n\t\t\t\t<a class=\"elementor-post__thumbnail__link\" href=\"https:\/\/salonlfcmontreal.com\/en\/2026\/07\/25\/line-charron\/\" tabindex=\"-1\" >\n\t\t\t<div class=\"elementor-post__thumbnail\"><img loading=\"lazy\" decoding=\"async\" width=\"241\" height=\"300\" src=\"https:\/\/salonlfcmontreal.com\/wp-content\/uploads\/2026\/07\/Charon-Line-DEM-9451-necrologie-241x300.jpg\" class=\"attachment-medium size-medium wp-image-10159\" alt=\"\" srcset=\"https:\/\/salonlfcmontreal.com\/wp-content\/uploads\/2026\/07\/Charon-Line-DEM-9451-necrologie-241x300.jpg 241w, https:\/\/salonlfcmontreal.com\/wp-content\/uploads\/2026\/07\/Charon-Line-DEM-9451-necrologie-822x1024.jpg 822w, https:\/\/salonlfcmontreal.com\/wp-content\/uploads\/2026\/07\/Charon-Line-DEM-9451-necrologie-768x957.jpg 768w, https:\/\/salonlfcmontreal.com\/wp-content\/uploads\/2026\/07\/Charon-Line-DEM-9451-necrologie-1233x1536.jpg 1233w, https:\/\/salonlfcmontreal.com\/wp-content\/uploads\/2026\/07\/Charon-Line-DEM-9451-necrologie-10x12.jpg 10w, https:\/\/salonlfcmontreal.com\/wp-content\/uploads\/2026\/07\/Charon-Line-DEM-9451-necrologie-600x748.jpg 600w, https:\/\/salonlfcmontreal.com\/wp-content\/uploads\/2026\/07\/Charon-Line-DEM-9451-necrologie.jpg 1643w\" sizes=\"(max-width: 241px) 100vw, 241px\" \/><\/div>\n\t\t<\/a>\n\t\t\t\t<div class=\"elementor-post__text\">\n\t\t\t\t<h3 class=\"elementor-post__title\">\n\t\t\t<a href=\"https:\/\/salonlfcmontreal.com\/en\/2026\/07\/25\/line-charron\/\" >\n\t\t\t\tLine Charron\t\t\t<\/a>\n\t\t<\/h3>\n\t\t\t\t<div class=\"elementor-post__meta-data\">\n\t\t\t\t\t<span class=\"elementor-post-date\">\n\t\t\tJuly 25, 2026\t\t<\/span>\n\t\t\t\t<\/div>\n\t\t\n\t\t<a class=\"elementor-post__read-more\" href=\"https:\/\/salonlfcmontreal.com\/en\/2026\/07\/25\/line-charron\/\" aria-label=\"Read more about Line Charron\" tabindex=\"-1\" >\n\t\t\tView obituary \u00bb\t\t<\/a>\n\n\t\t\t\t<\/div>\n\t\t\t\t<\/article>\n\t\t\t\t<article class=\"elementor-post elementor-grid-item post-10148 post type-post status-publish format-standard has-post-thumbnail hentry category-uncategorized\" role=\"listitem\">\n\t\t\t\t<a class=\"elementor-post__thumbnail__link\" href=\"https:\/\/salonlfcmontreal.com\/en\/2026\/07\/19\/liliane-brazeau-nee-burke\/\" tabindex=\"-1\" >\n\t\t\t<div class=\"elementor-post__thumbnail\"><img loading=\"lazy\" decoding=\"async\" width=\"182\" height=\"300\" src=\"https:\/\/salonlfcmontreal.com\/wp-content\/uploads\/2026\/07\/Liliane_Burke2-182x300.jpg\" class=\"attachment-medium size-medium wp-image-10149\" alt=\"\" srcset=\"https:\/\/salonlfcmontreal.com\/wp-content\/uploads\/2026\/07\/Liliane_Burke2-182x300.jpg 182w, https:\/\/salonlfcmontreal.com\/wp-content\/uploads\/2026\/07\/Liliane_Burke2-623x1024.jpg 623w, https:\/\/salonlfcmontreal.com\/wp-content\/uploads\/2026\/07\/Liliane_Burke2-768x1263.jpg 768w, https:\/\/salonlfcmontreal.com\/wp-content\/uploads\/2026\/07\/Liliane_Burke2-934x1536.jpg 934w, https:\/\/salonlfcmontreal.com\/wp-content\/uploads\/2026\/07\/Liliane_Burke2-1246x2048.jpg 1246w, https:\/\/salonlfcmontreal.com\/wp-content\/uploads\/2026\/07\/Liliane_Burke2-7x12.jpg 7w, https:\/\/salonlfcmontreal.com\/wp-content\/uploads\/2026\/07\/Liliane_Burke2-600x986.jpg 600w, https:\/\/salonlfcmontreal.com\/wp-content\/uploads\/2026\/07\/Liliane_Burke2-scaled.jpg 1557w\" sizes=\"(max-width: 182px) 100vw, 182px\" \/><\/div>\n\t\t<\/a>\n\t\t\t\t<div class=\"elementor-post__text\">\n\t\t\t\t<h3 class=\"elementor-post__title\">\n\t\t\t<a href=\"https:\/\/salonlfcmontreal.com\/en\/2026\/07\/19\/liliane-brazeau-nee-burke\/\" >\n\t\t\t\tLiliane Brazeau (N\u00e9e Burke)\t\t\t<\/a>\n\t\t<\/h3>\n\t\t\t\t<div class=\"elementor-post__meta-data\">\n\t\t\t\t\t<span class=\"elementor-post-date\">\n\t\t\tJuly 19, 2026\t\t<\/span>\n\t\t\t\t<\/div>\n\t\t\n\t\t<a class=\"elementor-post__read-more\" href=\"https:\/\/salonlfcmontreal.com\/en\/2026\/07\/19\/liliane-brazeau-nee-burke\/\" aria-label=\"Read more about Liliane Brazeau (N\u00e9e Burke)\" tabindex=\"-1\" >\n\t\t\tView obituary \u00bb\t\t<\/a>\n\n\t\t\t\t<\/div>\n\t\t\t\t<\/article>\n\t\t\t\t<article class=\"elementor-post elementor-grid-item post-10139 post type-post status-publish format-standard has-post-thumbnail hentry category-uncategorized\" role=\"listitem\">\n\t\t\t\t<a class=\"elementor-post__thumbnail__link\" href=\"https:\/\/salonlfcmontreal.com\/en\/2026\/07\/18\/jacques-arseneau\/\" tabindex=\"-1\" >\n\t\t\t<div class=\"elementor-post__thumbnail\"><img loading=\"lazy\" decoding=\"async\" width=\"224\" height=\"300\" src=\"https:\/\/salonlfcmontreal.com\/wp-content\/uploads\/2026\/07\/Jacques_Arseneau_site-224x300.jpg\" class=\"attachment-medium size-medium wp-image-10140\" alt=\"\" srcset=\"https:\/\/salonlfcmontreal.com\/wp-content\/uploads\/2026\/07\/Jacques_Arseneau_site-224x300.jpg 224w, https:\/\/salonlfcmontreal.com\/wp-content\/uploads\/2026\/07\/Jacques_Arseneau_site-766x1024.jpg 766w, https:\/\/salonlfcmontreal.com\/wp-content\/uploads\/2026\/07\/Jacques_Arseneau_site-768x1027.jpg 768w, https:\/\/salonlfcmontreal.com\/wp-content\/uploads\/2026\/07\/Jacques_Arseneau_site-9x12.jpg 9w, https:\/\/salonlfcmontreal.com\/wp-content\/uploads\/2026\/07\/Jacques_Arseneau_site-600x802.jpg 600w, https:\/\/salonlfcmontreal.com\/wp-content\/uploads\/2026\/07\/Jacques_Arseneau_site.jpg 1059w\" sizes=\"(max-width: 224px) 100vw, 224px\" \/><\/div>\n\t\t<\/a>\n\t\t\t\t<div class=\"elementor-post__text\">\n\t\t\t\t<h3 class=\"elementor-post__title\">\n\t\t\t<a href=\"https:\/\/salonlfcmontreal.com\/en\/2026\/07\/18\/jacques-arseneau\/\" >\n\t\t\t\tJacques Arseneau\t\t\t<\/a>\n\t\t<\/h3>\n\t\t\t\t<div class=\"elementor-post__meta-data\">\n\t\t\t\t\t<span class=\"elementor-post-date\">\n\t\t\tJuly 18, 2026\t\t<\/span>\n\t\t\t\t<\/div>\n\t\t\n\t\t<a class=\"elementor-post__read-more\" href=\"https:\/\/salonlfcmontreal.com\/en\/2026\/07\/18\/jacques-arseneau\/\" aria-label=\"Read more about Jacques Arseneau\" tabindex=\"-1\" >\n\t\t\tView obituary \u00bb\t\t<\/a>\n\n\t\t\t\t<\/div>\n\t\t\t\t<\/article>\n\t\t\t\t<article class=\"elementor-post elementor-grid-item post-10132 post type-post status-publish format-standard has-post-thumbnail hentry category-uncategorized\" role=\"listitem\">\n\t\t\t\t<a class=\"elementor-post__thumbnail__link\" href=\"https:\/\/salonlfcmontreal.com\/en\/2026\/07\/15\/roland-blanchette\/\" tabindex=\"-1\" >\n\t\t\t<div class=\"elementor-post__thumbnail\"><img loading=\"lazy\" decoding=\"async\" width=\"205\" height=\"300\" src=\"https:\/\/salonlfcmontreal.com\/wp-content\/uploads\/2026\/07\/Blanchette_Roland.jpg-205x300.jpeg\" class=\"attachment-medium size-medium wp-image-10179\" alt=\"\" srcset=\"https:\/\/salonlfcmontreal.com\/wp-content\/uploads\/2026\/07\/Blanchette_Roland.jpg-205x300.jpeg 205w, https:\/\/salonlfcmontreal.com\/wp-content\/uploads\/2026\/07\/Blanchette_Roland.jpg-698x1024.jpeg 698w, https:\/\/salonlfcmontreal.com\/wp-content\/uploads\/2026\/07\/Blanchette_Roland.jpg-768x1126.jpeg 768w, https:\/\/salonlfcmontreal.com\/wp-content\/uploads\/2026\/07\/Blanchette_Roland.jpg-1048x1536.jpeg 1048w, https:\/\/salonlfcmontreal.com\/wp-content\/uploads\/2026\/07\/Blanchette_Roland.jpg-1397x2048.jpeg 1397w, https:\/\/salonlfcmontreal.com\/wp-content\/uploads\/2026\/07\/Blanchette_Roland.jpg-8x12.jpeg 8w, https:\/\/salonlfcmontreal.com\/wp-content\/uploads\/2026\/07\/Blanchette_Roland.jpg-600x880.jpeg 600w, https:\/\/salonlfcmontreal.com\/wp-content\/uploads\/2026\/07\/Blanchette_Roland.jpg-scaled.jpeg 1746w\" sizes=\"(max-width: 205px) 100vw, 205px\" \/><\/div>\n\t\t<\/a>\n\t\t\t\t<div class=\"elementor-post__text\">\n\t\t\t\t<h3 class=\"elementor-post__title\">\n\t\t\t<a href=\"https:\/\/salonlfcmontreal.com\/en\/2026\/07\/15\/roland-blanchette\/\" >\n\t\t\t\tRoland Blanchette\t\t\t<\/a>\n\t\t<\/h3>\n\t\t\t\t<div class=\"elementor-post__meta-data\">\n\t\t\t\t\t<span class=\"elementor-post-date\">\n\t\t\tJuly 15, 2026\t\t<\/span>\n\t\t\t\t<\/div>\n\t\t\n\t\t<a class=\"elementor-post__read-more\" href=\"https:\/\/salonlfcmontreal.com\/en\/2026\/07\/15\/roland-blanchette\/\" aria-label=\"Read more about Roland Blanchette\" tabindex=\"-1\" >\n\t\t\tView obituary \u00bb\t\t<\/a>\n\n\t\t\t\t<\/div>\n\t\t\t\t<\/article>\n\t\t\t\t<article class=\"elementor-post elementor-grid-item post-10127 post type-post status-publish format-standard has-post-thumbnail hentry category-uncategorized\" role=\"listitem\">\n\t\t\t\t<a class=\"elementor-post__thumbnail__link\" href=\"https:\/\/salonlfcmontreal.com\/en\/2026\/07\/15\/nicole-audette\/\" tabindex=\"-1\" >\n\t\t\t<div class=\"elementor-post__thumbnail\"><img loading=\"lazy\" decoding=\"async\" width=\"250\" height=\"300\" src=\"https:\/\/salonlfcmontreal.com\/wp-content\/uploads\/2026\/07\/Nicole_Audette2-250x300.jpg\" class=\"attachment-medium size-medium wp-image-10137\" alt=\"\" srcset=\"https:\/\/salonlfcmontreal.com\/wp-content\/uploads\/2026\/07\/Nicole_Audette2-250x300.jpg 250w, https:\/\/salonlfcmontreal.com\/wp-content\/uploads\/2026\/07\/Nicole_Audette2-10x12.jpg 10w, https:\/\/salonlfcmontreal.com\/wp-content\/uploads\/2026\/07\/Nicole_Audette2-600x719.jpg 600w, https:\/\/salonlfcmontreal.com\/wp-content\/uploads\/2026\/07\/Nicole_Audette2.jpg 676w\" sizes=\"(max-width: 250px) 100vw, 250px\" \/><\/div>\n\t\t<\/a>\n\t\t\t\t<div class=\"elementor-post__text\">\n\t\t\t\t<h3 class=\"elementor-post__title\">\n\t\t\t<a href=\"https:\/\/salonlfcmontreal.com\/en\/2026\/07\/15\/nicole-audette\/\" >\n\t\t\t\tNicole Audette\t\t\t<\/a>\n\t\t<\/h3>\n\t\t\t\t<div class=\"elementor-post__meta-data\">\n\t\t\t\t\t<span class=\"elementor-post-date\">\n\t\t\tJuly 15, 2026\t\t<\/span>\n\t\t\t\t<\/div>\n\t\t\n\t\t<a class=\"elementor-post__read-more\" href=\"https:\/\/salonlfcmontreal.com\/en\/2026\/07\/15\/nicole-audette\/\" aria-label=\"Read more about Nicole Audette\" tabindex=\"-1\" >\n\t\t\tView obituary \u00bb\t\t<\/a>\n\n\t\t\t\t<\/div>\n\t\t\t\t<\/article>\n\t\t\t\t<\/div>\n\t\t\n\t\t\t\t<div class=\"e-load-more-anchor\" data-page=\"1\" data-max-page=\"26\" data-next-page=\"https:\/\/salonlfcmontreal.com\/en\/wp-json\/wp\/v2\/pages\/3697\/page\/2\/\"><\/div>\n\t\t\t\t<nav class=\"elementor-pagination\" aria-label=\"Pagination\">\n\t\t\t<span aria-current=\"page\" class=\"page-numbers current\"><span class=\"elementor-screen-only\">Page<\/span>1<\/span>\n<a class=\"page-numbers\" href=\"https:\/\/salonlfcmontreal.com\/en\/wp-json\/wp\/v2\/pages\/3697\/page\/2\/?\"><span class=\"elementor-screen-only\">Page<\/span>2<\/a>\n<a class=\"page-numbers\" href=\"https:\/\/salonlfcmontreal.com\/en\/wp-json\/wp\/v2\/pages\/3697\/page\/3\/?\"><span class=\"elementor-screen-only\">Page<\/span>3<\/a>\n<a class=\"page-numbers\" href=\"https:\/\/salonlfcmontreal.com\/en\/wp-json\/wp\/v2\/pages\/3697\/page\/4\/?\"><span class=\"elementor-screen-only\">Page<\/span>4<\/a>\n<a class=\"page-numbers\" href=\"https:\/\/salonlfcmontreal.com\/en\/wp-json\/wp\/v2\/pages\/3697\/page\/5\/?\"><span class=\"elementor-screen-only\">Page<\/span>5<\/a>\n<a class=\"page-numbers\" href=\"https:\/\/salonlfcmontreal.com\/en\/wp-json\/wp\/v2\/pages\/3697\/page\/6\/?\"><span class=\"elementor-screen-only\">Page<\/span>6<\/a>\n<a class=\"page-numbers\" href=\"https:\/\/salonlfcmontreal.com\/en\/wp-json\/wp\/v2\/pages\/3697\/page\/7\/?\"><span class=\"elementor-screen-only\">Page<\/span>7<\/a>\n<a class=\"page-numbers\" href=\"https:\/\/salonlfcmontreal.com\/en\/wp-json\/wp\/v2\/pages\/3697\/page\/8\/?\"><span class=\"elementor-screen-only\">Page<\/span>8<\/a>\n<a class=\"page-numbers\" href=\"https:\/\/salonlfcmontreal.com\/en\/wp-json\/wp\/v2\/pages\/3697\/page\/9\/?\"><span class=\"elementor-screen-only\">Page<\/span>9<\/a>\n<a class=\"page-numbers\" href=\"https:\/\/salonlfcmontreal.com\/en\/wp-json\/wp\/v2\/pages\/3697\/page\/10\/?\"><span class=\"elementor-screen-only\">Page<\/span>10<\/a>\n<a class=\"page-numbers\" href=\"https:\/\/salonlfcmontreal.com\/en\/wp-json\/wp\/v2\/pages\/3697\/page\/11\/?\"><span class=\"elementor-screen-only\">Page<\/span>11<\/a>\n<a class=\"page-numbers\" href=\"https:\/\/salonlfcmontreal.com\/en\/wp-json\/wp\/v2\/pages\/3697\/page\/12\/?\"><span class=\"elementor-screen-only\">Page<\/span>12<\/a>\n<a class=\"page-numbers\" href=\"https:\/\/salonlfcmontreal.com\/en\/wp-json\/wp\/v2\/pages\/3697\/page\/13\/?\"><span class=\"elementor-screen-only\">Page<\/span>13<\/a>\n<a class=\"page-numbers\" href=\"https:\/\/salonlfcmontreal.com\/en\/wp-json\/wp\/v2\/pages\/3697\/page\/14\/?\"><span class=\"elementor-screen-only\">Page<\/span>14<\/a>\n<a class=\"page-numbers\" href=\"https:\/\/salonlfcmontreal.com\/en\/wp-json\/wp\/v2\/pages\/3697\/page\/15\/?\"><span class=\"elementor-screen-only\">Page<\/span>15<\/a>\n<a class=\"page-numbers\" href=\"https:\/\/salonlfcmontreal.com\/en\/wp-json\/wp\/v2\/pages\/3697\/page\/16\/?\"><span class=\"elementor-screen-only\">Page<\/span>16<\/a>\n<a class=\"page-numbers\" href=\"https:\/\/salonlfcmontreal.com\/en\/wp-json\/wp\/v2\/pages\/3697\/page\/17\/?\"><span class=\"elementor-screen-only\">Page<\/span>17<\/a>\n<a class=\"page-numbers\" href=\"https:\/\/salonlfcmontreal.com\/en\/wp-json\/wp\/v2\/pages\/3697\/page\/18\/?\"><span class=\"elementor-screen-only\">Page<\/span>18<\/a>\n<a class=\"page-numbers\" href=\"https:\/\/salonlfcmontreal.com\/en\/wp-json\/wp\/v2\/pages\/3697\/page\/19\/?\"><span class=\"elementor-screen-only\">Page<\/span>19<\/a>\n<a class=\"page-numbers\" href=\"https:\/\/salonlfcmontreal.com\/en\/wp-json\/wp\/v2\/pages\/3697\/page\/20\/?\"><span class=\"elementor-screen-only\">Page<\/span>20<\/a>\n<a class=\"page-numbers\" href=\"https:\/\/salonlfcmontreal.com\/en\/wp-json\/wp\/v2\/pages\/3697\/page\/21\/?\"><span class=\"elementor-screen-only\">Page<\/span>21<\/a>\n<a class=\"page-numbers\" href=\"https:\/\/salonlfcmontreal.com\/en\/wp-json\/wp\/v2\/pages\/3697\/page\/22\/?\"><span class=\"elementor-screen-only\">Page<\/span>22<\/a>\n<a class=\"page-numbers\" href=\"https:\/\/salonlfcmontreal.com\/en\/wp-json\/wp\/v2\/pages\/3697\/page\/23\/?\"><span class=\"elementor-screen-only\">Page<\/span>23<\/a>\n<a class=\"page-numbers\" href=\"https:\/\/salonlfcmontreal.com\/en\/wp-json\/wp\/v2\/pages\/3697\/page\/24\/?\"><span class=\"elementor-screen-only\">Page<\/span>24<\/a>\n<a class=\"page-numbers\" href=\"https:\/\/salonlfcmontreal.com\/en\/wp-json\/wp\/v2\/pages\/3697\/page\/25\/?\"><span class=\"elementor-screen-only\">Page<\/span>25<\/a>\n<a class=\"page-numbers\" href=\"https:\/\/salonlfcmontreal.com\/en\/wp-json\/wp\/v2\/pages\/3697\/page\/26\/?\"><span class=\"elementor-screen-only\">Page<\/span>26<\/a>\t\t<\/nav>\n\t\t\t\t\t\t<\/div>\n\t\t\t\t<\/div>\n\t\t\t\t\t<\/div>\n\t\t<\/div>\n\t\t\t\t\t<\/div>\n\t\t<\/section>\n\t\t\t\t<\/div>","protected":false},"excerpt":{"rendered":"<p>Avis de d\u00e9c\u00e8s et condol\u00e9ances Trouver un avis de d\u00e9c\u00e8s Inscrire le nom de la personne dans la barre de<\/p>","protected":false},"author":1,"featured_media":0,"parent":0,"menu_order":0,"comment_status":"closed","ping_status":"closed","template":"elementor_header_footer","meta":{"_acf_changed":false,"footnotes":""},"class_list":["post-3697","page","type-page","status-publish","hentry"],"acf":[],"_links":{"self":[{"href":"https:\/\/salonlfcmontreal.com\/en\/wp-json\/wp\/v2\/pages\/3697","targetHints":{"allow":["GET"]}}],"collection":[{"href":"https:\/\/salonlfcmontreal.com\/en\/wp-json\/wp\/v2\/pages"}],"about":[{"href":"https:\/\/salonlfcmontreal.com\/en\/wp-json\/wp\/v2\/types\/page"}],"author":[{"embeddable":true,"href":"https:\/\/salonlfcmontreal.com\/en\/wp-json\/wp\/v2\/users\/1"}],"replies":[{"embeddable":true,"href":"https:\/\/salonlfcmontreal.com\/en\/wp-json\/wp\/v2\/comments?post=3697"}],"version-history":[{"count":6,"href":"https:\/\/salonlfcmontreal.com\/en\/wp-json\/wp\/v2\/pages\/3697\/revisions"}],"predecessor-version":[{"id":9136,"href":"https:\/\/salonlfcmontreal.com\/en\/wp-json\/wp\/v2\/pages\/3697\/revisions\/9136"}],"wp:attachment":[{"href":"https:\/\/salonlfcmontreal.com\/en\/wp-json\/wp\/v2\/media?parent=3697"}],"curies":[{"name":"wp","href":"https:\/\/api.w.org\/{rel}","templated":true}]}}